{"id":6692,"date":"2023-09-20T00:15:45","date_gmt":"2023-09-19T22:15:45","guid":{"rendered":"https:\/\/ww2.psjc.fr\/?post_type=eventer&#038;p=6692"},"modified":"2023-09-20T00:22:32","modified_gmt":"2023-09-19T22:22:32","slug":"pelerinage-en-terre-sainte","status":"publish","type":"eventer","link":"https:\/\/www.saintejeannedechantal.com\/index.php\/eventer\/pelerinage-en-terre-sainte\/","title":{"rendered":"P\u00e8lerinage en Terre Sainte"},"content":{"rendered":"\n<p>Marcher et prier sur les pas du peuple \u00e9lu et des 1ers disciples, d\u00e9couvrir les lieux o\u00f9 Dieu s\u2019est r\u00e9v\u00e9l\u00e9, o\u00f9 J\u00e9sus a v\u00e9cu et accomplit le Salut du monde et qui sont devenus les Lieux Saints et \u00e0 J\u00e9rusalem, la cit\u00e9 \u00e9ternelle\u00a0: <\/p>\n\n\n\n<p><strong>La paroisse Sainte Jeanne de Chantal vous propose de partir en p\u00e8lerinage en Terre Sainte du 7 au 15 avril 2024, accompagn\u00e9s par votre cur\u00e9 le p\u00e8re Nicolas Troussel.<\/strong><\/p>\n\n\n\n<p><br>Le p\u00e8lerinage pr\u00e9voit une visite approfondie des Lieux Saints, \u00ab&nbsp;c\u2019est-\u00e0-dire l\u2019environnement historique et g\u00e9ographique dans lequel la Parole de Dieu a \u00e9t\u00e9 r\u00e9v\u00e9l\u00e9e puis s\u2019est faite chair en J\u00e9sus de Nazareth&nbsp;\u00bb pour reprendre les mots du pape Fran\u00e7ois sur la Terre Sainte.<\/p>\n\n\n\n<p><br>Deux formules sont propos\u00e9es&nbsp;:<br>\u2013 une formule \u00ab&nbsp;soukkot&nbsp;\u00bb qui \u00e9voque les tentes dans lesquelles le peuple h\u00e9breu habitait apr\u00e8s \u00eatre sorti du pays d\u2019Egypte, c\u2019est-\u00e0-dire une formule en bivouac, au tarif r\u00e9duit.<br>\u2013 une formule \u00ab&nbsp;premium&nbsp;\u00bb, avec les nuits en chambre, \u00e0 l\u2019exception de la nuit dans le d\u00e9sert qui sera en bivouac pour tout le groupe.<\/p>\n\n\n\n<p><br>La visite des sites s\u2019effectue la plupart du temps \u00e0 pied et n\u00e9cessite une bonne condition physique.<br>L\u2019agence Holyways reste \u00e0 votre disposition pour toute question ou demande d\u2019inscription.<br>Email&nbsp;: <a rel=\"noreferrer noopener\" href=\"mailto:holywaystravel@gmail.com\" target=\"_blank\">holywaystravel@gmail.com<\/a> T\u00e9l\u00e9phone&nbsp;: Myriam Ambroselli 0761564863<br>Site web&nbsp;: <a href=\"http:\/\/www.holywaystravel.com\" data-type=\"URL\" data-id=\"www.holywaystravel.com\">www.holywaystravel.com<\/a><\/p>\n\n\n\n<div data-wp-interactive=\"core\/file\" class=\"wp-block-file\"><object data-wp-bind--hidden=\"!state.hasPdfPreview\" hidden class=\"wp-block-file__embed\" data=\"https:\/\/ww2.psjc.fr\/wp-content\/uploads\/2023\/09\/Fiche-dinscription-Terre-sainte-Ste-Jeanne-de-Chantal.pdf\" type=\"application\/pdf\" style=\"width:100%;height:600px\" aria-label=\"Contenu embarqu\u00e9 Fiche-dinscription-Terre-sainte-Ste-Jeanne-de-Chantal.\"><\/object><a id=\"wp-block-file--media-a0c3ebd1-7cc8-468e-a5bf-bd7df438aa61\" href=\"https:\/\/ww2.psjc.fr\/wp-content\/uploads\/2023\/09\/Fiche-dinscription-Terre-sainte-Ste-Jeanne-de-Chantal.pdf\">Fiche-dinscription-Terre-sainte-Ste-Jeanne-de-Chantal<\/a><a href=\"https:\/\/ww2.psjc.fr\/wp-content\/uploads\/2023\/09\/Fiche-dinscription-Terre-sainte-Ste-Jeanne-de-Chantal.pdf\" class=\"wp-block-file__button wp-element-button\" download aria-describedby=\"wp-block-file--media-a0c3ebd1-7cc8-468e-a5bf-bd7df438aa61\">T\u00e9l\u00e9charger<\/a><\/div>\n\n\n\n<div data-wp-interactive=\"core\/file\" class=\"wp-block-file\"><object data-wp-bind--hidden=\"!state.hasPdfPreview\" hidden class=\"wp-block-file__embed\" data=\"https:\/\/ww2.psjc.fr\/wp-content\/uploads\/2023\/09\/PELERINAGE-EN-TERRE-SAINTE-brochure-finale-Ste-Jeanne.pdf\" type=\"application\/pdf\" style=\"width:100%;height:600px\" aria-label=\"Contenu embarqu\u00e9 PELERINAGE-EN-TERRE-SAINTE-brochure-finale-Ste-Jeanne.\"><\/object><a id=\"wp-block-file--media-dfbc515a-0980-4aa9-b70d-567a4d17a43c\" href=\"https:\/\/ww2.psjc.fr\/wp-content\/uploads\/2023\/09\/PELERINAGE-EN-TERRE-SAINTE-brochure-finale-Ste-Jeanne.pdf\">PELERINAGE-EN-TERRE-SAINTE-brochure-finale-Ste-Jeanne<\/a><a href=\"https:\/\/ww2.psjc.fr\/wp-content\/uploads\/2023\/09\/PELERINAGE-EN-TERRE-SAINTE-brochure-finale-Ste-Jeanne.pdf\" class=\"wp-block-file__button wp-element-button\" download aria-describedby=\"wp-block-file--media-dfbc515a-0980-4aa9-b70d-567a4d17a43c\">T\u00e9l\u00e9charger<\/a><\/div>\n\n\n\n<figure class=\"wp-block-gallery has-nested-images columns-default is-cropped wp-block-gallery-1 is-layout-flex wp-block-gallery-is-layout-flex\">\n<figure class=\"wp-block-image size-large\"><img fetchpriority=\"high\" decoding=\"async\" width=\"640\" height=\"425\" data-id=\"6697\" src=\"https:\/\/ww2.psjc.fr\/wp-content\/uploads\/2023\/09\/DSC_0074.jpg\" alt=\"\" class=\"wp-image-6697\" srcset=\"https:\/\/www.saintejeannedechantal.com\/wp-content\/uploads\/2023\/09\/DSC_0074.jpg 640w, https:\/\/www.saintejeannedechantal.com\/wp-content\/uploads\/2023\/09\/DSC_0074-300x199.jpg 300w\" sizes=\"(max-width: 640px) 100vw, 640px\" \/><\/figure>\n\n\n\n<figure class=\"wp-block-image size-large\"><img decoding=\"async\" width=\"640\" height=\"162\" data-id=\"6696\" src=\"https:\/\/ww2.psjc.fr\/wp-content\/uploads\/2023\/09\/DSC_0516-copie.jpg\" alt=\"\" class=\"wp-image-6696\" srcset=\"https:\/\/www.saintejeannedechantal.com\/wp-content\/uploads\/2023\/09\/DSC_0516-copie.jpg 640w, https:\/\/www.saintejeannedechantal.com\/wp-content\/uploads\/2023\/09\/DSC_0516-copie-300x76.jpg 300w\" sizes=\"(max-width: 640px) 100vw, 640px\" \/><\/figure>\n\n\n\n<figure class=\"wp-block-image size-large\"><img decoding=\"async\" width=\"640\" height=\"427\" data-id=\"6698\" src=\"https:\/\/ww2.psjc.fr\/wp-content\/uploads\/2023\/09\/DSC_0657.jpg\" alt=\"\" class=\"wp-image-6698\" srcset=\"https:\/\/www.saintejeannedechantal.com\/wp-content\/uploads\/2023\/09\/DSC_0657.jpg 640w, https:\/\/www.saintejeannedechantal.com\/wp-content\/uploads\/2023\/09\/DSC_0657-300x200.jpg 300w, https:\/\/www.saintejeannedechantal.com\/wp-content\/uploads\/2023\/09\/DSC_0657-600x400.jpg 600w\" sizes=\"(max-width: 640px) 100vw, 640px\" \/><\/figure>\n\n\n\n<figure class=\"wp-block-image size-large\"><img loading=\"lazy\" decoding=\"async\" width=\"640\" height=\"425\" data-id=\"6695\" src=\"https:\/\/ww2.psjc.fr\/wp-content\/uploads\/2023\/09\/DSC_0673.jpg\" alt=\"\" class=\"wp-image-6695\" srcset=\"https:\/\/www.saintejeannedechantal.com\/wp-content\/uploads\/2023\/09\/DSC_0673.jpg 640w, https:\/\/www.saintejeannedechantal.com\/wp-content\/uploads\/2023\/09\/DSC_0673-300x199.jpg 300w\" sizes=\"(max-width: 640px) 100vw, 640px\" \/><\/figure>\n\n\n\n<figure class=\"wp-block-image size-large\"><img loading=\"lazy\" decoding=\"async\" width=\"640\" height=\"427\" data-id=\"6699\" src=\"https:\/\/ww2.psjc.fr\/wp-content\/uploads\/2023\/09\/Holy-Sepulcher.jpg\" alt=\"\" class=\"wp-image-6699\" srcset=\"https:\/\/www.saintejeannedechantal.com\/wp-content\/uploads\/2023\/09\/Holy-Sepulcher.jpg 640w, https:\/\/www.saintejeannedechantal.com\/wp-content\/uploads\/2023\/09\/Holy-Sepulcher-300x200.jpg 300w, https:\/\/www.saintejeannedechantal.com\/wp-content\/uploads\/2023\/09\/Holy-Sepulcher-600x400.jpg 600w\" sizes=\"(max-width: 640px) 100vw, 640px\" \/><\/figure>\n<\/figure>\n","protected":false},"excerpt":{"rendered":"<p>Marcher et prier sur les pas du peuple \u00e9lu et des 1ers disciples, d\u00e9couvrir les lieux o\u00f9 Dieu s\u2019est r\u00e9v\u00e9l\u00e9, o\u00f9 J\u00e9sus a v\u00e9cu et accomplit le Salut du monde et qui sont devenus les Lieux Saints et \u00e0 J\u00e9rusalem, la cit\u00e9 \u00e9ternelle\u00a0: La paroisse Sainte Jeanne de Chantal vous propose de partir en p\u00e8lerinage [&hellip;]<\/p>\n","protected":false},"author":5,"featured_media":6697,"comment_status":"open","ping_status":"closed","template":"","eventer-category":[113],"eventer-tag":[],"eventer-venue":[],"eventer-organizer":[],"class_list":{"0":"post-6692","2":"type-eventer","3":"status-publish","4":"has-post-thumbnail","5":"hentry","6":"eventer-category-voyage-paroissial"},"eventer_organizer":[],"eventer_venue":[],"meta_box":[],"_links":{"self":[{"href":"https:\/\/www.saintejeannedechantal.com\/index.php\/wp-json\/wp\/v2\/eventer\/6692","targetHints":{"allow":["GET"]}}],"collection":[{"href":"https:\/\/www.saintejeannedechantal.com\/index.php\/wp-json\/wp\/v2\/eventer"}],"about":[{"href":"https:\/\/www.saintejeannedechantal.com\/index.php\/wp-json\/wp\/v2\/types\/eventer"}],"author":[{"embeddable":true,"href":"https:\/\/www.saintejeannedechantal.com\/index.php\/wp-json\/wp\/v2\/users\/5"}],"replies":[{"embeddable":true,"href":"https:\/\/www.saintejeannedechantal.com\/index.php\/wp-json\/wp\/v2\/comments?post=6692"}],"wp:featuredmedia":[{"embeddable":true,"href":"https:\/\/www.saintejeannedechantal.com\/index.php\/wp-json\/wp\/v2\/media\/6697"}],"wp:attachment":[{"href":"https:\/\/www.saintejeannedechantal.com\/index.php\/wp-json\/wp\/v2\/media?parent=6692"}],"wp:term":[{"taxonomy":"eventer-category","embeddable":true,"href":"https:\/\/www.saintejeannedechantal.com\/index.php\/wp-json\/wp\/v2\/eventer-category?post=6692"},{"taxonomy":"eventer-tag","embeddable":true,"href":"https:\/\/www.saintejeannedechantal.com\/index.php\/wp-json\/wp\/v2\/eventer-tag?post=6692"},{"taxonomy":"eventer-venue","embeddable":true,"href":"https:\/\/www.saintejeannedechantal.com\/index.php\/wp-json\/wp\/v2\/eventer-venue?post=6692"},{"taxonomy":"eventer-organizer","embeddable":true,"href":"https:\/\/www.saintejeannedechantal.com\/index.php\/wp-json\/wp\/v2\/eventer-organizer?post=6692"}],"curies":[{"name":"wp","href":"https:\/\/api.w.org\/{rel}","templated":true}]}}