{"id":3036,"date":"2023-05-23T11:57:38","date_gmt":"2023-05-23T09:57:38","guid":{"rendered":"https:\/\/ww2.psjc.fr\/?page_id=3036"},"modified":"2023-09-08T17:29:15","modified_gmt":"2023-09-08T15:29:15","slug":"diocese-de-paris","status":"publish","type":"page","link":"https:\/\/www.saintejeannedechantal.com\/index.php\/paroisse\/diocese-de-paris\/","title":{"rendered":"Dioc\u00e8se de Paris"},"content":{"rendered":"\t\t<div data-elementor-type=\"wp-page\" data-elementor-id=\"3036\" class=\"elementor elementor-3036\" data-elementor-post-type=\"page\">\n\t\t\t\t\t\t<section class=\"elementor-section elementor-top-section elementor-element elementor-element-66e23f17 elementor-section-content-top elementor-section-boxed elementor-section-height-default elementor-section-height-default\" data-id=\"66e23f17\" data-element_type=\"section\" data-e-type=\"section\">\n\t\t\t\t\t\t<div class=\"elementor-container elementor-column-gap-default\">\n\t\t\t\t\t<div class=\"elementor-column elementor-col-100 elementor-top-column elementor-element elementor-element-57a5a739\" data-id=\"57a5a739\" data-element_type=\"column\" data-e-type=\"column\">\n\t\t\t<div class=\"elementor-widget-wrap elementor-element-populated\">\n\t\t\t\t\t\t<div class=\"elementor-element elementor-element-a52873c elementor-widget elementor-widget-heading\" data-id=\"a52873c\" data-element_type=\"widget\" data-e-type=\"widget\" data-widget_type=\"heading.default\">\n\t\t\t\t<div class=\"elementor-widget-container\">\n\t\t\t\t\t<h5 class=\"elementor-heading-title elementor-size-default\">Notre dioc\u00e8se se compose de :<\/h5>\t\t\t\t<\/div>\n\t\t\t\t<\/div>\n\t\t\t\t<div class=\"elementor-element elementor-element-36e7c189 elementor-widget elementor-widget-text-editor\" data-id=\"36e7c189\" data-element_type=\"widget\" data-e-type=\"widget\" data-widget_type=\"text-editor.default\">\n\t\t\t\t<div class=\"elementor-widget-container\">\n\t\t\t\t\t\t\t\t\t<ul>\n<li><span style=\"font-size: 14px; background-color: var( --e-global-color-da45b6e ); color: var( --e-global-color-primary );\">&#8211; <strong>106<\/strong> <strong>paroisses<\/strong>, la cath\u00e9drale Notre-Dame de Paris, la Basilique du Sacr\u00e9-Coeur de Montmartre,&nbsp;<\/span><\/li>\n<li>&#8211; Plus de <strong>400 pr\u00eatres<\/strong> en activit\u00e9 et 100 en situation de retraite,<\/li>\n<li>&#8211; Plus de <strong>100 diacres permanents<\/strong>,<\/li>\n<li>&#8211; Plus de <strong>80 s\u00e9minaristes<\/strong>.<\/li>\n<\/ul>\n<h2><span style=\"color: #008eaf;\">NOTRE \u00c9V\u00caQUE MONSEIGNEUR LAURENT ULRICH<\/span><\/h2>\n<p>Monseigneur ULRICH a \u00e9t\u00e9 install\u00e9 142e archev\u00eaque de Paris le 23 mai 2022 en l\u2019\u00e9glise Saint-Sulpice. Il a \u00e9t\u00e9 ordonn\u00e9 pr\u00eatre en 1979 et \u00e9tait \u00e9v\u00eaque du dioc\u00e8se de Lille depuis 2008.<\/p>\t\t\t\t\t\t\t\t<\/div>\n\t\t\t\t<\/div>\n\t\t\t\t<div class=\"elementor-element elementor-element-9d219eb elementor-align-center elementor-widget elementor-widget-button\" data-id=\"9d219eb\" data-element_type=\"widget\" data-e-type=\"widget\" data-widget_type=\"button.default\">\n\t\t\t\t<div class=\"elementor-widget-container\">\n\t\t\t\t\t\t\t\t\t<div class=\"elementor-button-wrapper\">\n\t\t\t\t\t<a class=\"elementor-button elementor-button-link elementor-size-sm\" href=\"https:\/\/dioceseparis.fr\/\">\n\t\t\t\t\t\t<span class=\"elementor-button-content-wrapper\">\n\t\t\t\t\t\t\t\t\t<span class=\"elementor-button-text\">Site du dioc\u00e8se de Paris<\/span>\n\t\t\t\t\t<\/span>\n\t\t\t\t\t<\/a>\n\t\t\t\t<\/div>\n\t\t\t\t\t\t\t\t<\/div>\n\t\t\t\t<\/div>\n\t\t\t\t<div class=\"elementor-element elementor-element-cacde3b elementor-widget elementor-widget-spacer\" data-id=\"cacde3b\" data-element_type=\"widget\" data-e-type=\"widget\" data-widget_type=\"spacer.default\">\n\t\t\t\t<div class=\"elementor-widget-container\">\n\t\t\t\t\t\t\t<div class=\"elementor-spacer\">\n\t\t\t<div class=\"elementor-spacer-inner\"><\/div>\n\t\t<\/div>\n\t\t\t\t\t\t<\/div>\n\t\t\t\t<\/div>\n\t\t\t\t<div class=\"elementor-element elementor-element-4512d0d elementor-widget elementor-widget-image\" data-id=\"4512d0d\" data-element_type=\"widget\" data-e-type=\"widget\" data-widget_type=\"image.default\">\n\t\t\t\t<div class=\"elementor-widget-container\">\n\t\t\t\t\t\t\t\t\t\t\t\t\t\t\t<img fetchpriority=\"high\" decoding=\"async\" width=\"680\" height=\"430\" src=\"https:\/\/www.saintejeannedechantal.com\/wp-content\/uploads\/2023\/07\/ulrich_photo-1024x648.jpg\" class=\"attachment-large size-large wp-image-3555\" alt=\"\" srcset=\"https:\/\/www.saintejeannedechantal.com\/wp-content\/uploads\/2023\/07\/ulrich_photo-1024x648.jpg 1024w, https:\/\/www.saintejeannedechantal.com\/wp-content\/uploads\/2023\/07\/ulrich_photo-300x190.jpg 300w, https:\/\/www.saintejeannedechantal.com\/wp-content\/uploads\/2023\/07\/ulrich_photo-768x486.jpg 768w, https:\/\/www.saintejeannedechantal.com\/wp-content\/uploads\/2023\/07\/ulrich_photo-958x606.jpg 958w, https:\/\/www.saintejeannedechantal.com\/wp-content\/uploads\/2023\/07\/ulrich_photo.jpg 1057w\" sizes=\"(max-width: 680px) 100vw, 680px\" \/>\t\t\t\t\t\t\t\t\t\t\t\t\t\t\t<\/div>\n\t\t\t\t<\/div>\n\t\t\t\t<div class=\"elementor-element elementor-element-ee6656a elementor-widget elementor-widget-spacer\" data-id=\"ee6656a\" data-element_type=\"widget\" data-e-type=\"widget\" data-widget_type=\"spacer.default\">\n\t\t\t\t<div class=\"elementor-widget-container\">\n\t\t\t\t\t\t\t<div class=\"elementor-spacer\">\n\t\t\t<div class=\"elementor-spacer-inner\"><\/div>\n\t\t<\/div>\n\t\t\t\t\t\t<\/div>\n\t\t\t\t<\/div>\n\t\t\t\t\t<\/div>\n\t\t<\/div>\n\t\t\t\t\t<\/div>\n\t\t<\/section>\n\t\t\t\t<\/div>\n\t\t","protected":false},"excerpt":{"rendered":"<p>Notre dioc\u00e8se se compose de : &#8211; 106 paroisses, la cath\u00e9drale Notre-Dame de Paris, la Basilique du Sacr\u00e9-Coeur de Montmartre,&nbsp; &#8211; Plus de 400 pr\u00eatres en activit\u00e9 et 100 en situation de retraite, &#8211; Plus de 100 diacres permanents, &#8211; Plus de 80 s\u00e9minaristes. NOTRE \u00c9V\u00caQUE MONSEIGNEUR LAURENT ULRICH Monseigneur ULRICH a \u00e9t\u00e9 install\u00e9 142e [&hellip;]<\/p>\n","protected":false},"author":5,"featured_media":0,"parent":7,"menu_order":0,"comment_status":"closed","ping_status":"closed","template":"","meta":{"footnotes":""},"class_list":["post-3036","page","type-page","status-publish","hentry"],"meta_box":[],"_links":{"self":[{"href":"https:\/\/www.saintejeannedechantal.com\/index.php\/wp-json\/wp\/v2\/pages\/3036","targetHints":{"allow":["GET"]}}],"collection":[{"href":"https:\/\/www.saintejeannedechantal.com\/index.php\/wp-json\/wp\/v2\/pages"}],"about":[{"href":"https:\/\/www.saintejeannedechantal.com\/index.php\/wp-json\/wp\/v2\/types\/page"}],"author":[{"embeddable":true,"href":"https:\/\/www.saintejeannedechantal.com\/index.php\/wp-json\/wp\/v2\/users\/5"}],"replies":[{"embeddable":true,"href":"https:\/\/www.saintejeannedechantal.com\/index.php\/wp-json\/wp\/v2\/comments?post=3036"}],"version-history":[{"count":31,"href":"https:\/\/www.saintejeannedechantal.com\/index.php\/wp-json\/wp\/v2\/pages\/3036\/revisions"}],"predecessor-version":[{"id":6050,"href":"https:\/\/www.saintejeannedechantal.com\/index.php\/wp-json\/wp\/v2\/pages\/3036\/revisions\/6050"}],"up":[{"embeddable":true,"href":"https:\/\/www.saintejeannedechantal.com\/index.php\/wp-json\/wp\/v2\/pages\/7"}],"wp:attachment":[{"href":"https:\/\/www.saintejeannedechantal.com\/index.php\/wp-json\/wp\/v2\/media?parent=3036"}],"curies":[{"name":"wp","href":"https:\/\/api.w.org\/{rel}","templated":true}]}}