{"id":3618,"date":"2023-07-06T07:25:18","date_gmt":"2023-07-06T05:25:18","guid":{"rendered":"https:\/\/ww2.psjc.fr\/?page_id=3618"},"modified":"2023-09-18T21:59:44","modified_gmt":"2023-09-18T19:59:44","slug":"ordination","status":"publish","type":"page","link":"https:\/\/www.saintejeannedechantal.com\/index.php\/ordination\/","title":{"rendered":"Ordination"},"content":{"rendered":"\t\t<div data-elementor-type=\"wp-page\" data-elementor-id=\"3618\" class=\"elementor elementor-3618\" data-elementor-post-type=\"page\">\n\t\t\t\t\t\t<section class=\"elementor-section elementor-top-section elementor-element elementor-element-6b5507e1 elementor-section-boxed elementor-section-height-default elementor-section-height-default\" data-id=\"6b5507e1\" data-element_type=\"section\" data-e-type=\"section\">\n\t\t\t\t\t\t<div class=\"elementor-container elementor-column-gap-default\">\n\t\t\t\t\t<div class=\"elementor-column elementor-col-100 elementor-top-column elementor-element elementor-element-48e680c8\" data-id=\"48e680c8\" data-element_type=\"column\" data-e-type=\"column\">\n\t\t\t<div class=\"elementor-widget-wrap elementor-element-populated\">\n\t\t\t\t\t\t<div class=\"elementor-element elementor-element-3c0a1262 elementor-drop-cap-yes elementor-drop-cap-view-default elementor-widget elementor-widget-text-editor\" data-id=\"3c0a1262\" data-element_type=\"widget\" data-e-type=\"widget\" data-settings=\"{&quot;drop_cap&quot;:&quot;yes&quot;}\" data-widget_type=\"text-editor.default\">\n\t\t\t\t<div class=\"elementor-widget-container\">\n\t\t\t\t\t\t\t\t\t<p>A l\u2019\u00e9poque romaine le mot &#8220;Ordre&#8221; est employ\u00e9 pour d\u00e9signer un corps constitu\u00e9 de la vie civile et de son gouvernement. Dans l\u2019Eglise, ce mot est encore utilis\u00e9 pour d\u00e9signer principalement : les \u00e9v\u00eaques, les pr\u00eatres et les diacres.<\/p><p>L\u2019entr\u00e9e dans l\u2019un de ces ordres se fait par une c\u00e9l\u00e9bration liturgique appel\u00e9e : ordination.<\/p><p>Le sacrement de l\u2019ordre conf\u00e8re \u00e0 celui qui le re\u00e7oit le don du Saint Esprit pour accomplir la mission \u00e0 laquelle il est appel\u00e9 pour le service de la communaut\u00e9.<\/p><p>Le signe visible de cette cons\u00e9cration est l\u2019imposition des mains par l\u2019\u00e9v\u00eaque avec la pri\u00e8re d\u2019ordination propre \u00e0 chaque ordre. Ce sacrement comporte trois degr\u00e9s : \u00e9v\u00eaque, pr\u00eatre, diacre.<\/p><p><a href=\"https:\/\/dioceseparis.fr\/-le-sacrement-de-l-ordre-eveques-.html\" target=\"_blank\" rel=\"noopener\">EN SAVOIR PLUS SUR LE SITE DU DIOCESE<\/a><\/p>\t\t\t\t\t\t\t\t<\/div>\n\t\t\t\t<\/div>\n\t\t\t\t<div class=\"elementor-element elementor-element-5fed782e elementor-widget elementor-widget-spacer\" data-id=\"5fed782e\" data-element_type=\"widget\" data-e-type=\"widget\" data-widget_type=\"spacer.default\">\n\t\t\t\t<div class=\"elementor-widget-container\">\n\t\t\t\t\t\t\t<div class=\"elementor-spacer\">\n\t\t\t<div class=\"elementor-spacer-inner\"><\/div>\n\t\t<\/div>\n\t\t\t\t\t\t<\/div>\n\t\t\t\t<\/div>\n\t\t\t\t\t<\/div>\n\t\t<\/div>\n\t\t\t\t\t<\/div>\n\t\t<\/section>\n\t\t\t\t<\/div>\n\t\t","protected":false},"excerpt":{"rendered":"<p>A l\u2019\u00e9poque romaine le mot &#8220;Ordre&#8221; est employ\u00e9 pour d\u00e9signer un corps constitu\u00e9 de la vie civile et de son gouvernement. Dans l\u2019Eglise, ce mot est encore utilis\u00e9 pour d\u00e9signer principalement : les \u00e9v\u00eaques, les pr\u00eatres et les diacres. L\u2019entr\u00e9e dans l\u2019un de ces ordres se fait par une c\u00e9l\u00e9bration liturgique appel\u00e9e : ordination. Le [&hellip;]<\/p>\n","protected":false},"author":5,"featured_media":4872,"parent":0,"menu_order":0,"comment_status":"closed","ping_status":"closed","template":"","meta":{"footnotes":""},"class_list":["post-3618","page","type-page","status-publish","has-post-thumbnail","hentry"],"meta_box":[],"_links":{"self":[{"href":"https:\/\/www.saintejeannedechantal.com\/index.php\/wp-json\/wp\/v2\/pages\/3618","targetHints":{"allow":["GET"]}}],"collection":[{"href":"https:\/\/www.saintejeannedechantal.com\/index.php\/wp-json\/wp\/v2\/pages"}],"about":[{"href":"https:\/\/www.saintejeannedechantal.com\/index.php\/wp-json\/wp\/v2\/types\/page"}],"author":[{"embeddable":true,"href":"https:\/\/www.saintejeannedechantal.com\/index.php\/wp-json\/wp\/v2\/users\/5"}],"replies":[{"embeddable":true,"href":"https:\/\/www.saintejeannedechantal.com\/index.php\/wp-json\/wp\/v2\/comments?post=3618"}],"version-history":[{"count":32,"href":"https:\/\/www.saintejeannedechantal.com\/index.php\/wp-json\/wp\/v2\/pages\/3618\/revisions"}],"predecessor-version":[{"id":6387,"href":"https:\/\/www.saintejeannedechantal.com\/index.php\/wp-json\/wp\/v2\/pages\/3618\/revisions\/6387"}],"wp:featuredmedia":[{"embeddable":true,"href":"https:\/\/www.saintejeannedechantal.com\/index.php\/wp-json\/wp\/v2\/media\/4872"}],"wp:attachment":[{"href":"https:\/\/www.saintejeannedechantal.com\/index.php\/wp-json\/wp\/v2\/media?parent=3618"}],"curies":[{"name":"wp","href":"https:\/\/api.w.org\/{rel}","templated":true}]}}